{"id":1221,"date":"2024-10-11T11:26:04","date_gmt":"2024-10-11T10:26:04","guid":{"rendered":"https:\/\/jrsbelgium.org\/\/?post_type=faq&#038;p=1221"},"modified":"2024-11-05T16:04:19","modified_gmt":"2024-11-05T16:04:19","slug":"il-y-a-t-il-des-enfants-en-centres-de-detention","status":"publish","type":"faq","link":"https:\/\/jrsbelgium.org\/fr\/faq\/il-y-a-t-il-des-enfants-en-centres-de-detention\/","title":{"rendered":"Il y a-t-il des enfants en centres de d\u00e9tention ?"},"content":{"rendered":"<p>Les familles avec enfants mineur\u00b7e\u00b7s sont d\u00e9tenues dans des \u00ab maisons de retour \u00bb, les centres de d\u00e9tention pour des familles. Elles sont r\u00e9parties sur diff\u00e9rents sites (Tubize, Beauvechain, Sint-Gillis-Waas, Zulte et Tielt) et comprennent au total 27 unit\u00e9s, pour une capacit\u00e9 totale de 169 places. Il s\u2019agit d\u2019une forme alternative de d\u00e9tention : certains d\u00e9placements, comme aller \u00e0 l\u2019\u00e9cole sont en principe permis, mais les familles font l\u2019objet d\u2019un titre de d\u00e9tention et rentrent dans le r\u00e9gime l\u00e9gal de la d\u00e9tention administrative, ce qui reste contraire \u00e0 l\u2019int\u00e9r\u00eat sup\u00e9rieur de l\u2019enfant.<\/p>\n<p>Depuis 2017, le centre ferm\u00e9 127bis dispose, en plus, sur son site m\u00eame \u00ab d\u2019unit\u00e9s familiales ferm\u00e9es \u00bb pour la d\u00e9tention des familles avec enfants mineur\u00b7e\u00b7s. Ici, contrairement aux maisons de retour, aucune libert\u00e9 de mouvement n\u2019est admise. Ces unit\u00e9s ferm\u00e9es sont, comme dans les centres ferm\u00e9s, entour\u00e9es de barbel\u00e9s et ne permettent \u00e0 aucun membre de famille d\u2019en sortir. Pour l\u2019instant, plus aucun\u00b7e enfant n\u2019y est d\u00e9tenu\u00b7e, mais rien ne garantit que cela n\u2019arrivera plus dans le futur.<\/p>\n","protected":false},"template":"","class_list":["post-1221","faq","type-faq","status-publish","hentry"],"acf":[],"_links":{"self":[{"href":"https:\/\/jrsbelgium.org\/fr\/wp-json\/wp\/v2\/faq\/1221","targetHints":{"allow":["GET"]}}],"collection":[{"href":"https:\/\/jrsbelgium.org\/fr\/wp-json\/wp\/v2\/faq"}],"about":[{"href":"https:\/\/jrsbelgium.org\/fr\/wp-json\/wp\/v2\/types\/faq"}],"wp:attachment":[{"href":"https:\/\/jrsbelgium.org\/fr\/wp-json\/wp\/v2\/media?parent=1221"}],"curies":[{"name":"wp","href":"https:\/\/api.w.org\/{rel}","templated":true}]}}