{"id":820,"date":"2024-05-24T14:22:14","date_gmt":"2024-05-24T12:22:14","guid":{"rendered":"https:\/\/jrsbelgium.org\/\/?page_id=820"},"modified":"2025-02-17T14:53:49","modified_gmt":"2025-02-17T13:53:49","slug":"plaidoyer","status":"publish","type":"page","link":"https:\/\/jrsbelgium.org\/fr\/notre-travail\/plaidoyer\/","title":{"rendered":"Plaidoyer"},"content":{"rendered":"<p>JRS Belgium est actif en d\u00e9tention depuis 2001. Depuis plus de 20 ans, nous visitons les centres de d\u00e9tention pour migrants, ce qui nous a permis d\u2019acqu\u00e9rir une v\u00e9ritable connaissance du terrain. C\u2019est dans cette connaissance que s\u2019enracine notre travail de plaidoyer.<\/p>\n<p>Semaine apr\u00e8s semaine, nos visiteurs constatent comment l\u2019enfermement abime, exacerbe les vuln\u00e9rabilit\u00e9s et s\u00e9pare les familles. C\u2019est parce que cette politique d\u2019enfermement est inhumaine \u2013 en plus d\u2019\u00eatre co\u00fbteuse et les retours qu\u2019elle engendre non durables \u2013 que nous plaidons pour un changement de paradigme. Les centres doivent faire partie du pass\u00e9. La d\u00e9tention ne peut plus \u00eatre la r\u00e8gle\u00a0; elle doit devenir l\u2019ultime exception.<\/p>\n<p>Nous sommes conscients que ce changement de paradigme ne peut advenir du jour au lendemain. Suite \u00e0 une campagne de longue haleine men\u00e9e avec nos partenaires, la d\u00e9tention de familles avec des enfants mineurs a \u00e9t\u00e9 interdite en 2024. Un nouveau statut de s\u00e9jour pour les personnes apatrides a aussi r\u00e9cemment vu le jour. C\u2019est en travaillant ensemble \u00e0 la soustraction progressive de cat\u00e9gories \u00e0 la d\u00e9tention et au d\u00e9veloppement d\u2019alternatives que ce changement de paradigme pourra advenir.<\/p>\n<p>JRS Belgium a particip\u00e9 \u00e0 la cr\u00e9ation de la <a href=\"https:\/\/movecoalition.be\/\">coalition Move<\/a> et en est un membre actif. Cette coalition nous r\u00e9unit avec <a href=\"http:\/\/www.cir\u00e9.be\">Cir\u00e9<\/a>, <a href=\"http:\/\/www.vluchtelingenwerk.be\">Vluchtelingenwerk Vlaanderen<\/a> et <a href=\"http:\/\/www.caritasinternational.be\">Caritas<\/a>. Move offre un soutien socio-juridique aux d\u00e9tenu.es via des visiteur.euses accr\u00e9dit\u00e9.es dans tous les centres ferm\u00e9s pour personnes migrantes en Belgique. Move fait \u00e9galement du lobbying aupr\u00e8s des autorit\u00e9s et sensibilise le grand public.<\/p>\n","protected":false},"excerpt":{"rendered":"<p>JRS Belgium est actif en d\u00e9tention depuis 2001. Depuis plus de 20 ans, nous visitons les centres de d\u00e9tention pour migrants, ce qui nous a permis d\u2019acqu\u00e9rir une v\u00e9ritable connaissance du terrain. C\u2019est dans cette connaissance que s\u2019enracine notre travail de plaidoyer. Semaine apr\u00e8s semaine, nos visiteurs constatent comment l\u2019enfermement abime, exacerbe les vuln\u00e9rabilit\u00e9s et [&hellip;]<\/p>\n","protected":false},"author":1,"featured_media":1556,"parent":181,"menu_order":20,"comment_status":"closed","ping_status":"closed","template":"","meta":{"footnotes":""},"class_list":["post-820","page","type-page","status-publish","has-post-thumbnail","hentry"],"acf":[],"_links":{"self":[{"href":"https:\/\/jrsbelgium.org\/fr\/wp-json\/wp\/v2\/pages\/820","targetHints":{"allow":["GET"]}}],"collection":[{"href":"https:\/\/jrsbelgium.org\/fr\/wp-json\/wp\/v2\/pages"}],"about":[{"href":"https:\/\/jrsbelgium.org\/fr\/wp-json\/wp\/v2\/types\/page"}],"author":[{"embeddable":true,"href":"https:\/\/jrsbelgium.org\/fr\/wp-json\/wp\/v2\/users\/1"}],"replies":[{"embeddable":true,"href":"https:\/\/jrsbelgium.org\/fr\/wp-json\/wp\/v2\/comments?post=820"}],"version-history":[{"count":2,"href":"https:\/\/jrsbelgium.org\/fr\/wp-json\/wp\/v2\/pages\/820\/revisions"}],"predecessor-version":[{"id":1559,"href":"https:\/\/jrsbelgium.org\/fr\/wp-json\/wp\/v2\/pages\/820\/revisions\/1559"}],"up":[{"embeddable":true,"href":"https:\/\/jrsbelgium.org\/fr\/wp-json\/wp\/v2\/pages\/181"}],"wp:featuredmedia":[{"embeddable":true,"href":"https:\/\/jrsbelgium.org\/fr\/wp-json\/wp\/v2\/media\/1556"}],"wp:attachment":[{"href":"https:\/\/jrsbelgium.org\/fr\/wp-json\/wp\/v2\/media?parent=820"}],"curies":[{"name":"wp","href":"https:\/\/api.w.org\/{rel}","templated":true}]}}